{"id":8,"date":"2024-03-11T18:18:54","date_gmt":"2024-03-11T18:18:54","guid":{"rendered":"http:\/\/dtast.apanymantel.es\/?page_id=8"},"modified":"2025-04-25T10:38:14","modified_gmt":"2025-04-25T08:38:14","slug":"inicio","status":"publish","type":"page","link":"https:\/\/dtastpastisseria.com\/ca\/","title":{"rendered":"Inici"},"content":{"rendered":"<div class=\"wp-block-cover alignfull is-light has-parallax has-custom-content-position is-position-top-center\" style=\"margin-top:0px;margin-bottom:0px;padding-top:80px;padding-right:var(--wp--preset--spacing--50);padding-bottom:80px;padding-left:var(--wp--preset--spacing--50);min-height:735px;aspect-ratio:unset;\"><div class=\"wp-block-cover__image-background wp-image-206 has-parallax\" style=\"background-position:50% 50%;background-image:url(https:\/\/dtastpastisseria.com\/wp-content\/uploads\/2024\/03\/david-manga-pastelera4-3.webp)\"><\/div><span aria-hidden=\"true\" class=\"wp-block-cover__background has-base-background-color has-background-dim-70 has-background-dim\"><\/span><div class=\"wp-block-cover__inner-container has-global-padding is-layout-constrained wp-container-core-cover-is-layout-7026598d wp-block-cover-is-layout-constrained\">\n<h1 class=\"wp-block-heading has-text-align-center has-custom-accent-text-color has-text-color has-link-color wp-elements-6b7cbc21cca9c7c4c64ddebc68142cfa\"><strong>Pasteler\u00eda artesana<\/strong><\/h1>\n\n\n\n<h1 class=\"wp-block-heading has-text-align-center\"><strong>Del obrador a tu mesa<\/strong><\/h1>\n\n\n\n<div style=\"height:10px\" aria-hidden=\"true\" class=\"wp-block-spacer\"><\/div>\n\n\n\n<div class=\"wp-block-buttons has-custom-font-size is-content-justification-center is-layout-flex wp-container-core-buttons-is-layout-195c0355 wp-block-buttons-is-layout-flex\" style=\"font-size:clamp(33.419px, 2.089rem + ((1vw - 3.2px) * 2.769), 60px);\">\n<div class=\"wp-block-button has-custom-width wp-block-button__width-50\"><a class=\"wp-block-button__link has-medium-font-size has-custom-font-size wp-element-button\" href=\"https:\/\/botiga.dtastpastisseria.com\/\" style=\"padding-right:var(--wp--preset--spacing--40);padding-left:var(--wp--preset--spacing--40)\">COMPRAR ONLINE<\/a><\/div>\n<\/div>\n\n\n\n<div style=\"height:11px\" aria-hidden=\"true\" class=\"wp-block-spacer\"><\/div>\n\n\n\n<ul style=\"padding-left:var(--wp--preset--spacing--50);font-size:clamp(0.875rem, 0.875rem + ((1vw - 0.2rem) * 0.625), 1.25rem);line-height:1.75\" class=\"wp-block-list is-style-checkmark-list\">\n<li>Pasteler\u00eda dulce y salada<\/li>\n\n\n\n<li>Productes naturals<\/li>\n\n\n\n<li>Elaboraci\u00f3 artesanal<\/li>\n\n\n\n<li>Creaciones \u00fanicas y personalizadas<\/li>\n\n\n\n<li>Repartiment a domicili a Barcelona i rodalies<\/li>\n<\/ul>\n<\/div><\/div>\n\n\n\n<div class=\"wp-block-group alignfull has-background has-global-padding is-layout-constrained wp-container-core-group-is-layout-d89aad35 wp-block-group-is-layout-constrained\" style=\"background-color:#f8efef;margin-top:0;margin-bottom:0;padding-top:var(--wp--preset--spacing--50);padding-right:var(--wp--preset--spacing--50);padding-bottom:var(--wp--preset--spacing--50);padding-left:var(--wp--preset--spacing--50)\">\n<div class=\"wp-block-group alignwide has-global-padding is-layout-constrained wp-container-core-group-is-layout-19e250f3 wp-block-group-is-layout-constrained\">\n<div class=\"wp-block-group is-vertical is-content-justification-center is-layout-flex wp-container-core-group-is-layout-6329a8f3 wp-block-group-is-layout-flex\">\n<h2 class=\"wp-block-heading has-text-align-center is-style-asterisk\">Qui som<\/h2>\n\n\n\n<h4 class=\"wp-block-heading has-text-align-center\">Soc David Bresc\u00f3, pastisser i cuiner<\/h4>\n\n\n\n<p>Despr\u00e9s d'haver-me format a escoles d'Alta Hostaleria i Pastisseria i haver treballat a diversos restaurants de prestigi de Barcelona, el 2015 vaig decidir crear el meu propi espai, on posar a la seva disposici\u00f3 els meus coneixements i la meva passi\u00f3 per la pastisseria.<\/p>\n\n\n\n<p>\u00c9s com va n\u00e9ixer D TAST Pastisseria, el meu obrador.<\/p>\n<\/div>\n\n\n\n<div style=\"height:var(--wp--preset--spacing--40)\" aria-hidden=\"true\" class=\"wp-block-spacer\"><\/div>\n\n\n\n<div class=\"wp-block-columns alignwide is-layout-flex wp-container-core-columns-is-layout-d1c656ed wp-block-columns-is-layout-flex\">\n<div class=\"wp-block-column is-vertically-aligned-center is-layout-flow wp-block-column-is-layout-flow\" style=\"flex-basis:40%\">\n<h3 class=\"wp-block-heading is-style-asterisk\">Som artesans<\/h3>\n\n\n\n<p>T\u2019oferim una pastisseria de qualitat, completament artesana sense conservants, casolana i senzilla. Per\u00f2 alhora cuidada, creativa, elegant i a la teva mida.<\/p>\n<\/div>\n\n\n\n<div class=\"wp-block-column is-layout-flow wp-block-column-is-layout-flow\" style=\"flex-basis:50%\">\n<figure class=\"wp-block-image aligncenter size-full is-resized is-style-rounded is-style-rounded--1\"><img data-recalc-dims=\"1\" loading=\"lazy\" decoding=\"async\" width=\"800\" height=\"1000\" src=\"https:\/\/i0.wp.com\/dtast.apanymantel.es\/wp-content\/uploads\/2024\/03\/david-espolvoreando-tarta.webp?resize=800%2C1000\" alt=\"\" class=\"wp-image-80\" style=\"width:362px;height:auto\" srcset=\"https:\/\/i0.wp.com\/dtastpastisseria.com\/wp-content\/uploads\/2024\/03\/david-espolvoreando-tarta.webp?w=800&amp;ssl=1 800w, https:\/\/i0.wp.com\/dtastpastisseria.com\/wp-content\/uploads\/2024\/03\/david-espolvoreando-tarta.webp?resize=240%2C300&amp;ssl=1 240w, https:\/\/i0.wp.com\/dtastpastisseria.com\/wp-content\/uploads\/2024\/03\/david-espolvoreando-tarta.webp?resize=768%2C960&amp;ssl=1 768w\" sizes=\"auto, (max-width: 800px) 100vw, 800px\" \/><\/figure>\n<\/div>\n<\/div>\n\n\n\n<div style=\"height:var(--wp--preset--spacing--40)\" aria-hidden=\"true\" class=\"wp-block-spacer\"><\/div>\n\n\n\n<div class=\"wp-block-columns alignwide is-layout-flex wp-container-core-columns-is-layout-d1c656ed wp-block-columns-is-layout-flex\">\n<div class=\"wp-block-column is-layout-flow wp-block-column-is-layout-flow\" style=\"flex-basis:50%\">\n<figure class=\"wp-block-image aligncenter size-full is-resized is-style-rounded is-style-rounded--2\"><img data-recalc-dims=\"1\" loading=\"lazy\" decoding=\"async\" width=\"720\" height=\"901\" src=\"https:\/\/i0.wp.com\/dtast.apanymantel.es\/wp-content\/uploads\/2024\/03\/david-manga-pastelera.webp?resize=720%2C901\" alt=\"\" class=\"wp-image-81\" style=\"width:364px;height:auto\" srcset=\"https:\/\/i0.wp.com\/dtastpastisseria.com\/wp-content\/uploads\/2024\/03\/david-manga-pastelera.webp?w=720&amp;ssl=1 720w, https:\/\/i0.wp.com\/dtastpastisseria.com\/wp-content\/uploads\/2024\/03\/david-manga-pastelera.webp?resize=240%2C300&amp;ssl=1 240w\" sizes=\"auto, (max-width: 720px) 100vw, 720px\" \/><\/figure>\n<\/div>\n\n\n\n<div class=\"wp-block-column is-vertically-aligned-center is-layout-flow wp-block-column-is-layout-flow\" style=\"flex-basis:40%\">\n<h3 class=\"wp-block-heading is-style-asterisk\">Atenci\u00f3 al detall<\/h3>\n\n\n\n<p>Sempre treballem amb el nostre segell personal de rigorositat professional, gust per la feina ben feta i esfor\u00e7 per millorar dia a dia.<\/p>\n<\/div>\n<\/div>\n<\/div>\n<\/div>\n\n\n\n<div class=\"wp-block-cover alignfull has-parallax\" style=\"margin-top:0px;margin-bottom:0px;padding-top:var(--wp--preset--spacing--50);padding-right:var(--wp--preset--spacing--50);padding-bottom:var(--wp--preset--spacing--50);padding-left:var(--wp--preset--spacing--50);min-height:336px;aspect-ratio:unset;\"><div class=\"wp-block-cover__image-background wp-image-86 has-parallax\" style=\"background-position:50% 50%;background-image:url(https:\/\/dtastpastisseria.com\/wp-content\/uploads\/2024\/03\/tarta-chocolate.webp)\"><\/div><span aria-hidden=\"true\" class=\"wp-block-cover__background has-base-background-color has-background-dim-0 has-background-dim\"><\/span><div class=\"wp-block-cover__inner-container has-global-padding is-layout-constrained wp-container-core-cover-is-layout-fbaf42d7 wp-block-cover-is-layout-constrained\">\n<div style=\"height:274px\" aria-hidden=\"true\" class=\"wp-block-spacer\"><\/div>\n<\/div><\/div>\n\n\n\n<div class=\"wp-block-group alignfull has-global-padding is-layout-constrained wp-block-group-is-layout-constrained\" style=\"margin-top:6.4rem;margin-bottom:6.4rem\">\n<h2 class=\"wp-block-heading has-text-align-center\">Els nostres serveis<\/h2>\n\n\n\n<div style=\"height:29px\" aria-hidden=\"true\" class=\"wp-block-spacer\"><\/div>\n\n\n\n<div class=\"wp-block-columns alignwide is-layout-flex wp-container-core-columns-is-layout-6b461230 wp-block-columns-is-layout-flex\" style=\"margin-bottom:0;padding-right:var(--wp--preset--spacing--10);padding-left:var(--wp--preset--spacing--10)\">\n<div class=\"wp-block-column has-border-color has-custom-accent-text-border-color has-base-2-background-color has-text-color has-background has-link-color wp-elements-d931238de1ad34697ba1c67c22391b68 is-layout-flow wp-container-core-column-is-layout-c90c1f98 wp-block-column-is-layout-flow\" style=\"border-style:solid;border-width:3px;color:#000000;padding-top:2em;padding-right:2em;padding-bottom:2em;padding-left:2em\">\n<h2 class=\"wp-block-heading has-text-align-center\" id=\"single\" style=\"font-size:clamp(16.293px, 1.018rem + ((1vw - 3.2px) * 0.907), 25px);\"><strong>Past\u00eds Personalitzats<\/strong><\/h2>\n\n\n\n<p class=\"has-text-align-center has-normal-font-size\" style=\"line-height:1.5\">Demana el pressupost per al teu past\u00eds personalitzat a trav\u00e9s del nostre formulari de contacte o WhatsApp<\/p>\n\n\n\n<figure class=\"wp-block-image aligncenter size-full is-resized\"><a href=\"\/ca\/servicios\/tartas-personalizadas\/\"><img data-recalc-dims=\"1\" loading=\"lazy\" decoding=\"async\" width=\"768\" height=\"768\" src=\"https:\/\/i0.wp.com\/dtast.apanymantel.es\/wp-content\/uploads\/2024\/03\/tarta-personalizada2.webp?resize=768%2C768\" alt=\"Piano personalizado D-Tast\" class=\"wp-image-62\" style=\"width:292px;height:auto\" srcset=\"https:\/\/i0.wp.com\/dtastpastisseria.com\/wp-content\/uploads\/2024\/03\/tarta-personalizada2.webp?w=768&amp;ssl=1 768w, https:\/\/i0.wp.com\/dtastpastisseria.com\/wp-content\/uploads\/2024\/03\/tarta-personalizada2.webp?resize=300%2C300&amp;ssl=1 300w, https:\/\/i0.wp.com\/dtastpastisseria.com\/wp-content\/uploads\/2024\/03\/tarta-personalizada2.webp?resize=150%2C150&amp;ssl=1 150w\" sizes=\"auto, (max-width: 768px) 100vw, 768px\" \/><\/a><\/figure>\n<\/div>\n\n\n\n<div class=\"wp-block-column has-border-color has-custom-accent-text-border-color has-base-2-background-color has-text-color has-background has-link-color wp-elements-40c6004c1c8d81f4f53e6397812c57c4 is-layout-flow wp-block-column-is-layout-flow\" style=\"border-style:solid;border-width:3px;color:#000000;padding-top:2em;padding-right:2em;padding-bottom:2em;padding-left:2em\">\n<h2 class=\"wp-block-heading has-text-align-center\" id=\"single\" style=\"font-size:clamp(16.293px, 1.018rem + ((1vw - 3.2px) * 0.907), 25px);\"><strong>C\u00e0tering i Aperitius<\/strong><\/h2>\n\n\n\n<p class=\"has-text-align-center has-normal-font-size\" style=\"line-height:1.5\">C\u00e0tering i aperitius dol\u00e7os i salats, canap\u00e8s variats, coques, etc. Perfecte per a celebracions o reunions a l'oficina<\/p>\n\n\n\n<figure class=\"wp-block-image aligncenter size-full is-resized\"><a href=\"\/ca\/servicios\/salado\/\"><img data-recalc-dims=\"1\" loading=\"lazy\" decoding=\"async\" width=\"700\" height=\"584\" src=\"https:\/\/i0.wp.com\/dtast.apanymantel.es\/wp-content\/uploads\/2024\/03\/canapes2.webp?resize=700%2C584\" alt=\"Caterings y aperitivos D-Tast\" class=\"wp-image-64\" style=\"width:317px;height:auto\" srcset=\"https:\/\/i0.wp.com\/dtastpastisseria.com\/wp-content\/uploads\/2024\/03\/canapes2.webp?w=700&amp;ssl=1 700w, https:\/\/i0.wp.com\/dtastpastisseria.com\/wp-content\/uploads\/2024\/03\/canapes2.webp?resize=300%2C250&amp;ssl=1 300w\" sizes=\"auto, (max-width: 700px) 100vw, 700px\" \/><\/a><\/figure>\n<\/div>\n\n\n\n<div class=\"wp-block-column has-border-color has-custom-accent-text-border-color has-base-2-background-color has-text-color has-background has-link-color wp-elements-5a6fc0d14a2319a97586ad4618947532 is-layout-flow wp-block-column-is-layout-flow\" style=\"border-style:solid;border-width:3px;color:#000000;padding-top:2em;padding-right:2em;padding-bottom:2em;padding-left:2em\">\n<h2 class=\"wp-block-heading has-text-align-center\" id=\"single\" style=\"font-size:clamp(16.293px, 1.018rem + ((1vw - 3.2px) * 0.907), 25px);\"><strong>Lliurament a domicili<\/strong><\/h2>\n\n\n\n<p class=\"has-text-align-center has-normal-font-size\" style=\"line-height:1.5\">Repartim a domicili en les millors condicions. Pots triar tant el dia com l'hora a la que desitges el lliurament.<\/p>\n\n\n\n<figure class=\"wp-block-image aligncenter size-full is-resized\"><img data-recalc-dims=\"1\" loading=\"lazy\" decoding=\"async\" width=\"400\" height=\"400\" src=\"https:\/\/i0.wp.com\/dtast.apanymantel.es\/wp-content\/uploads\/2024\/03\/EnvioDomicilio-Furgoneta-xs.webp?resize=400%2C400&#038;ssl=1\" alt=\"Servicio de reparto a domicilio de D-Tast\" class=\"wp-image-452\" style=\"width:323px;height:auto\" srcset=\"https:\/\/i0.wp.com\/dtastpastisseria.com\/wp-content\/uploads\/2024\/03\/EnvioDomicilio-Furgoneta-xs.webp?w=400&amp;ssl=1 400w, https:\/\/i0.wp.com\/dtastpastisseria.com\/wp-content\/uploads\/2024\/03\/EnvioDomicilio-Furgoneta-xs.webp?resize=300%2C300&amp;ssl=1 300w, https:\/\/i0.wp.com\/dtastpastisseria.com\/wp-content\/uploads\/2024\/03\/EnvioDomicilio-Furgoneta-xs.webp?resize=150%2C150&amp;ssl=1 150w, https:\/\/i0.wp.com\/dtastpastisseria.com\/wp-content\/uploads\/2024\/03\/EnvioDomicilio-Furgoneta-xs.webp?resize=12%2C12&amp;ssl=1 12w\" sizes=\"auto, (max-width: 400px) 100vw, 400px\" \/><\/figure>\n<\/div>\n\n\n\n<div class=\"wp-block-column has-border-color has-custom-accent-text-border-color has-base-2-background-color has-text-color has-background has-link-color wp-elements-b247bca735ea9004a727b45c695279f9 is-layout-flow wp-block-column-is-layout-flow\" style=\"border-style:solid;border-width:3px;color:#000000;padding-top:2em;padding-right:2em;padding-bottom:2em;padding-left:2em\">\n<h2 class=\"wp-block-heading has-text-align-center\" id=\"single\" style=\"font-size:clamp(16.293px, 1.018rem + ((1vw - 3.2px) * 0.907), 25px);\"><strong><a href=\"https:\/\/dtastpastisseria.com\/ca\/cursos-y-talleres\/\" data-type=\"page\" data-id=\"486\" style=\"font-size:25px\">Cursos y Talleres<\/a><\/strong><\/h2>\n\n\n\n<p class=\"has-text-align-center has-normal-font-size\" style=\"line-height:1.5\">Te ofrecemos cursos de iniciaci\u00f3n,<br>talleres<br>monogr\u00e1ficos,<br>experiencias gastron\u00f3micas y<br>asesoramiento particular.<\/p>\n\n\n\n<figure class=\"wp-block-image aligncenter size-full is-resized\"><img data-recalc-dims=\"1\" loading=\"lazy\" decoding=\"async\" width=\"800\" height=\"800\" src=\"https:\/\/i0.wp.com\/dtastpastisseria.com\/wp-content\/uploads\/2025\/04\/cursos-y-talleres-D-Tast.webp?resize=800%2C800&#038;ssl=1\" alt=\"Cursos y Talleres D-Tast\" class=\"wp-image-482\" style=\"width:323px;height:auto\" srcset=\"https:\/\/i0.wp.com\/dtastpastisseria.com\/wp-content\/uploads\/2025\/04\/cursos-y-talleres-D-Tast.webp?w=800&amp;ssl=1 800w, https:\/\/i0.wp.com\/dtastpastisseria.com\/wp-content\/uploads\/2025\/04\/cursos-y-talleres-D-Tast.webp?resize=300%2C300&amp;ssl=1 300w, https:\/\/i0.wp.com\/dtastpastisseria.com\/wp-content\/uploads\/2025\/04\/cursos-y-talleres-D-Tast.webp?resize=150%2C150&amp;ssl=1 150w, https:\/\/i0.wp.com\/dtastpastisseria.com\/wp-content\/uploads\/2025\/04\/cursos-y-talleres-D-Tast.webp?resize=768%2C768&amp;ssl=1 768w, https:\/\/i0.wp.com\/dtastpastisseria.com\/wp-content\/uploads\/2025\/04\/cursos-y-talleres-D-Tast.webp?resize=12%2C12&amp;ssl=1 12w\" sizes=\"auto, (max-width: 800px) 100vw, 800px\" \/><\/figure>\n<\/div>\n<\/div>\n<\/div>\n\n\n\n<div class=\"wp-block-cover alignfull has-parallax\" style=\"margin-top:0px;margin-bottom:0px;padding-top:var(--wp--preset--spacing--50);padding-right:var(--wp--preset--spacing--50);padding-bottom:var(--wp--preset--spacing--50);padding-left:var(--wp--preset--spacing--50);min-height:336px;aspect-ratio:unset;\"><div class=\"wp-block-cover__image-background wp-image-73 has-parallax\" style=\"background-position:50% 50%;background-image:url(https:\/\/dtastpastisseria.com\/wp-content\/uploads\/2024\/03\/canapes3.webp)\"><\/div><span aria-hidden=\"true\" class=\"wp-block-cover__background has-base-background-color has-background-dim-0 has-background-dim\"><\/span><div class=\"wp-block-cover__inner-container has-global-padding is-layout-constrained wp-container-core-cover-is-layout-fbaf42d7 wp-block-cover-is-layout-constrained\">\n<div style=\"height:254px\" aria-hidden=\"true\" class=\"wp-block-spacer\"><\/div>\n<\/div><\/div>\n\n\n\n<div class=\"wp-block-group alignfull has-custom-background-2-background-color has-background has-global-padding is-layout-constrained wp-block-group-is-layout-constrained\" id=\"contacto\" style=\"margin-top:0;margin-bottom:0;padding-top:var(--wp--preset--spacing--40);padding-bottom:var(--wp--preset--spacing--40)\">\n<h2 class=\"wp-block-heading has-text-align-center\">Posa't en contacte amb nosaltres<\/h2>\n\n\n\n<p class=\"has-text-align-center\">Vols que t\u2019aclarim algun dubte? Vols fer una comanda que no es troba a la botiga online? Tens una idea i vols que la fem realitat?<\/p>\n\n\n\n<p class=\"has-text-align-center\">No ho dubtis: tens moltes maneres de posar-te en contacte amb nosaltres.<\/p>\n\n\n\n<div style=\"height:48px\" aria-hidden=\"true\" class=\"wp-block-spacer\"><\/div>\n\n\n\n<div class=\"wp-block-columns alignfull is-layout-flex wp-container-core-columns-is-layout-59e203da wp-block-columns-is-layout-flex\" style=\"padding-right:0;padding-left:0\">\n<div class=\"wp-block-column is-layout-flow wp-block-column-is-layout-flow\" style=\"padding-right:var(--wp--preset--spacing--10);padding-left:var(--wp--preset--spacing--10)\">\n<div class=\"wp-block-group is-vertical is-content-justification-center is-layout-flex wp-container-core-group-is-layout-ce155fab wp-block-group-is-layout-flex\">\n<h3 class=\"wp-block-heading has-text-align-center\">Visita'ns<\/h3>\n\n\n\n<p class=\"has-text-align-center\">Pots visitar-nos a l\u2019obrador de dimarts a diumenge, de 9:00 a 13:00 h. Tamb\u00e9 pots consultar-nos i acordarem una visita en un altre moment.<\/p>\n\n\n\n<p><strong>Carrer Mart\u00ed Juli\u00e0, 59<\/strong><br><strong>L\u2019Hospitalet de Llobregat (Barcelona)<\/strong><\/p>\n\n\n\n<iframe src=\"https:\/\/www.google.com\/maps\/embed?pb=!1m18!1m12!1m3!1d748.5029862126232!2d2.1218187632754733!3d41.373825203205236!2m3!1f0!2f0!3f0!3m2!1i1024!2i768!4f13.1!3m3!1m2!1s0x12a498f251c36e9f%3A0x9a35bd46707db872!2sCarrer%20del%20Doctor%20Mart%C3%AD%20Juli%C3%A0%2C%2059%2C%2008903%20L&#39;Hospitalet%20de%20Llobregat%2C%20Barcelona%2C%20Espa%C3%B1a!5e0!3m2!1ses!2sus!4v1710326488861!5m2!1ses!2sus\" width=\"300\" height=\"225\" style=\"border:0;\" allowfullscreen=\"\" loading=\"lazy\" referrerpolicy=\"no-referrer-when-downgrade\"><\/iframe>\n<\/div>\n<\/div>\n\n\n\n<div class=\"wp-block-column is-vertically-aligned-top is-layout-flow wp-block-column-is-layout-flow\" style=\"padding-right:var(--wp--preset--spacing--10);padding-left:var(--wp--preset--spacing--10)\">\n<div class=\"wp-block-group is-vertical is-content-justification-center is-layout-flex wp-container-core-group-is-layout-ce155fab wp-block-group-is-layout-flex\">\n<h3 class=\"wp-block-heading\">Escriu-nos<\/h3>\n\n\n\n<figure class=\"wp-block-image size-full is-resized has-custom-border\"><a href=\"https:\/\/wa.me\/34667986548\"><img data-recalc-dims=\"1\" loading=\"lazy\" decoding=\"async\" width=\"400\" height=\"400\" src=\"https:\/\/i0.wp.com\/dtast.apanymantel.es\/wp-content\/uploads\/2024\/03\/whatsapp.webp?resize=400%2C400\" alt=\"\" class=\"wp-image-140\" style=\"border-radius:50px;width:264px;height:auto\" srcset=\"https:\/\/i0.wp.com\/dtastpastisseria.com\/wp-content\/uploads\/2024\/03\/whatsapp.webp?w=400&amp;ssl=1 400w, https:\/\/i0.wp.com\/dtastpastisseria.com\/wp-content\/uploads\/2024\/03\/whatsapp.webp?resize=300%2C300&amp;ssl=1 300w, https:\/\/i0.wp.com\/dtastpastisseria.com\/wp-content\/uploads\/2024\/03\/whatsapp.webp?resize=150%2C150&amp;ssl=1 150w\" sizes=\"auto, (max-width: 400px) 100vw, 400px\" \/><\/a><\/figure>\n\n\n\n<div class=\"wp-block-group is-content-justification-center is-nowrap is-layout-flex wp-container-core-group-is-layout-f194bcfb wp-block-group-is-layout-flex\" style=\"margin-top:var(--wp--preset--spacing--30);margin-bottom:var(--wp--preset--spacing--30)\">\n<i class=\"fa-regular fa-envelope\"><\/i>\n\n\n\n<p class=\"has-medium-font-size\"><a href=\"mailto:dtastpastisseria@gmail.com\" target=\"_blank\" rel=\"noreferrer noopener\">dtastpastisseria@gmail.com<\/a><\/p>\n<\/div>\n<\/div>\n<\/div>\n\n\n\n<div class=\"wp-block-column is-layout-flow wp-block-column-is-layout-flow\" style=\"padding-right:var(--wp--preset--spacing--10);padding-left:var(--wp--preset--spacing--10)\">\n<div class=\"wp-block-group is-vertical is-content-justification-center is-layout-flex wp-container-core-group-is-layout-ce155fab wp-block-group-is-layout-flex\">\n<h3 class=\"wp-block-heading has-text-align-center\">Formulari de contacte<\/h3>\n\n\n\n<div class=\"wp-block-contact-form-7-contact-form-selector\">\n<div class=\"wpcf7 no-js\" id=\"wpcf7-f167-o1\" lang=\"es-ES\" dir=\"ltr\" data-wpcf7-id=\"167\">\n<div class=\"screen-reader-response\"><p role=\"status\" aria-live=\"polite\" aria-atomic=\"true\"><\/p> <ul><\/ul><\/div>\n<form action=\"\/ca\/wp-json\/wp\/v2\/pages\/8#wpcf7-f167-o1\" method=\"post\" class=\"wpcf7-form init\" aria-label=\"Formulari de contacte\" novalidate=\"novalidate\" data-status=\"init\" data-trp-original-action=\"\/ca\/wp-json\/wp\/v2\/pages\/8#wpcf7-f167-o1\">\n<fieldset class=\"hidden-fields-container\"><input type=\"hidden\" name=\"_wpcf7\" value=\"167\" \/><input type=\"hidden\" name=\"_wpcf7_version\" value=\"6.1.5\" \/><input type=\"hidden\" name=\"_wpcf7_locale\" value=\"es_ES\" \/><input type=\"hidden\" name=\"_wpcf7_unit_tag\" value=\"wpcf7-f167-o1\" \/><input type=\"hidden\" name=\"_wpcf7_container_post\" value=\"0\" \/><input type=\"hidden\" name=\"_wpcf7_posted_data_hash\" value=\"\" \/>\n<\/fieldset>\n<p><label> Nom*<br \/>\n<span class=\"wpcf7-form-control-wrap\" data-name=\"your-name\"><input size=\"20\" maxlength=\"400\" class=\"wpcf7-form-control wpcf7-text wpcf7-validates-as-required\" autocomplete=\"name\" aria-required=\"true\" aria-invalid=\"false\" value=\"\" type=\"text\" name=\"your-name\" \/><\/span> <\/label>\n<\/p>\n<p><label> Tel\u00e8fon<br \/>\n<span class=\"wpcf7-form-control-wrap\" data-name=\"tel-744\"><input size=\"20\" maxlength=\"400\" class=\"wpcf7-form-control wpcf7-tel wpcf7-text wpcf7-validates-as-tel\" aria-invalid=\"false\" value=\"\" type=\"tel\" name=\"tel-744\" \/><\/span> <\/label>\n<\/p>\n<p><label> Adre\u00e7a electr\u00f2nica*<br \/>\n<span class=\"wpcf7-form-control-wrap\" data-name=\"your-email\"><input size=\"20\" maxlength=\"400\" class=\"wpcf7-form-control wpcf7-email wpcf7-validates-as-required wpcf7-text wpcf7-validates-as-email\" autocomplete=\"email\" aria-required=\"true\" aria-invalid=\"false\" value=\"\" type=\"email\" name=\"your-email\" \/><\/span> <\/label>\n<\/p>\n<p><label> Missatge*<br \/>\n<span class=\"wpcf7-form-control-wrap\" data-name=\"your-message\"><textarea cols=\"24\" rows=\"10\" maxlength=\"2000\" class=\"wpcf7-form-control wpcf7-textarea\" aria-invalid=\"false\" name=\"your-message\"><\/textarea><\/span> <\/label>\n<\/p>\n<p><input class=\"wpcf7-form-control wpcf7-submit has-spinner\" type=\"submit\" value=\"Enviar\" \/>\n<\/p><p style=\"display: none !important;\" class=\"akismet-fields-container\" data-prefix=\"_wpcf7_ak_\"><label>&#916;<textarea name=\"_wpcf7_ak_hp_textarea\" cols=\"45\" rows=\"8\" maxlength=\"100\"><\/textarea><\/label><input type=\"hidden\" id=\"ak_js_1\" name=\"_wpcf7_ak_js\" value=\"150\"\/><script>\ndocument.getElementById( \"ak_js_1\" ).setAttribute( \"value\", ( new Date() ).getTime() );\n<\/script>\n<\/p><div class=\"wpcf7-response-output\" aria-hidden=\"true\"><\/div>\n<input type=\"hidden\" name=\"trp-form-language\" value=\"ca\"\/><\/form>\n<\/div>\n<\/div>\n<\/div>\n<\/div>\n<\/div>\n<\/div>\n\n\n\n<div class=\"wp-block-cover alignfull has-parallax\" style=\"margin-top:0px;margin-bottom:0px;padding-top:var(--wp--preset--spacing--50);padding-right:var(--wp--preset--spacing--50);padding-bottom:var(--wp--preset--spacing--50);padding-left:var(--wp--preset--spacing--50);min-height:336px;aspect-ratio:unset;\"><div role=\"img\" aria-label=\"Desayuno D tast a domicilio\" class=\"wp-block-cover__image-background wp-image-199 has-parallax\" style=\"background-position:50% 50%;background-image:url(https:\/\/dtastpastisseria.com\/wp-content\/uploads\/2024\/03\/desayuno.webp)\"><\/div><span aria-hidden=\"true\" class=\"wp-block-cover__background has-base-background-color has-background-dim-0 has-background-dim\"><\/span><div class=\"wp-block-cover__inner-container has-global-padding is-layout-constrained wp-container-core-cover-is-layout-77b40925 wp-block-cover-is-layout-constrained\">\n<div style=\"height:254px\" aria-hidden=\"true\" class=\"wp-block-spacer\"><\/div>\n<\/div><\/div>\n\n\n\n<div class=\"wp-block-buttons is-layout-flex wp-block-buttons-is-layout-flex\">\n<div class=\"wp-block-button\" id=\"scroll-top-btn\"><a class=\"wp-block-button__link has-text-align-center wp-element-button\" href=\"#header\" style=\"border-radius:50%\"><span style=\"background-color: revert; color: var(--1, inherit); font-family: revert; font-size: revert; font-style: var(--1fs, inherit); font-variant-ligatures: revert; font-variant-caps: revert; font-weight: var(--1fw, inherit); letter-spacing: revert; orphans: revert; text-align: revert; text-transform: revert; widows: revert; word-spacing: revert; -webkit-text-decorations-in-effect: revert; -webkit-text-fill-color: revert; -webkit-text-stroke: revert; caret-color: revert; white-space: revert; text-indent: calc(var(--ecIndent, 0ch) * -1);\"><i class=\"fa-solid fa-arrow-up\"><\/i><\/span><\/a><\/div>\n<\/div>","protected":false},"excerpt":{"rendered":"<p>Qui\u00e9nes somos Soy David Bresc\u00f3, pastelero y cocinero. Despu\u00e9s de haberme formado en escuelas de Alta Hosteler\u00eda y Pasteler\u00eda y haber trabajado en varios restaurantes de prestigio de Barcelona, \u200b\u200ben 2015 decid\u00ed crear mi propio espacio, donde poner a su disposici\u00f3n mis conocimientos y mi pasi\u00f3n por la pasteler\u00eda. Es como naci\u00f3 D TAST Passtisseria, [&hellip;]<\/p>\n","protected":false},"author":1,"featured_media":0,"parent":0,"menu_order":0,"comment_status":"closed","ping_status":"closed","template":"","meta":{"footnotes":""},"class_list":["post-8","page","type-page","status-publish","hentry"],"jetpack_sharing_enabled":true,"_links":{"self":[{"href":"https:\/\/dtastpastisseria.com\/ca\/wp-json\/wp\/v2\/pages\/8","targetHints":{"allow":["GET"]}}],"collection":[{"href":"https:\/\/dtastpastisseria.com\/ca\/wp-json\/wp\/v2\/pages"}],"about":[{"href":"https:\/\/dtastpastisseria.com\/ca\/wp-json\/wp\/v2\/types\/page"}],"author":[{"embeddable":true,"href":"https:\/\/dtastpastisseria.com\/ca\/wp-json\/wp\/v2\/users\/1"}],"replies":[{"embeddable":true,"href":"https:\/\/dtastpastisseria.com\/ca\/wp-json\/wp\/v2\/comments?post=8"}],"version-history":[{"count":150,"href":"https:\/\/dtastpastisseria.com\/ca\/wp-json\/wp\/v2\/pages\/8\/revisions"}],"predecessor-version":[{"id":491,"href":"https:\/\/dtastpastisseria.com\/ca\/wp-json\/wp\/v2\/pages\/8\/revisions\/491"}],"wp:attachment":[{"href":"https:\/\/dtastpastisseria.com\/ca\/wp-json\/wp\/v2\/media?parent=8"}],"curies":[{"name":"wp","href":"https:\/\/api.w.org\/{rel}","templated":true}]}}